{"id":2,"date":"2016-11-21T11:58:52","date_gmt":"2016-11-21T11:58:52","guid":{"rendered":"http:\/\/martinvel.com\/?page_id=2"},"modified":"2018-08-07T16:01:31","modified_gmt":"2018-08-07T16:01:31","slug":"naves-industriales","status":"publish","type":"page","link":"https:\/\/martinvel.com\/index.php\/naves-industriales\/","title":{"rendered":"Naves industriales"},"content":{"rendered":"<p>Actualmente disponemos de las siguientes naves industriales:<\/p>\n<section id=\"huge_it_portfolio_content_1\"\n         style=\"clear: both\"\n         class=\"portfolio-gallery-content \"\n         data-portfolio-id=\"1\">\n\t<div id=\"huge-it-container-loading-overlay_1\"><\/div>\n\t\t\t\t\t\t<div id=\"huge_it_portfolio_container_1\"\n\t     data-show-loading=\"on\"\n\t     data-show-center=\"off\"\n\t     class=\"huge_it_portfolio_container super-list variable-sizes clearfix view-full-width\" >\n\t\t\t\t\t<div\n\t\t\t\tclass=\"portelement portelement_1 colorbox_grouping   \" data-symbol=\"NAVE INDUSTRIAL (CARTAGENA)\" data-category=\"alkaline-earth\">\n\t\t\t\t<div class=\"left-block_1\">\n\t\t\t\t\t<div class=\"main-image-block_1 add-H-relative\">\n                        <p style=\"display:none;\" class=\"load_date\">2018-01-24 20:08:22<\/p>\n                        <p style=\"display:none;\" class=\"number\">17<\/p>\n\t\t\t\t\t\t\t\t\t\t\t\t\t\t\t\t\t\t\t\t\t<a href=\"https:\/\/i0.wp.com\/martinvel.com\/wp-content\/uploads\/2020\/05\/admin-ajax.php_.jpg\"\n\t\t\t\t\t\t\t\t\t   class=\" portfolio-group1-1\"\n                                       data-description=\" Nave situada en la Ctra. de la Palma, Km. 2,5 en Cartagena. Tiene una buen\u00edsima ubicaci\u00f3n pegada a la Autov\u00eda Murcia-Cartagena y circunvalaci\u00f3n de Cartagena. La parcela tiene un total de 2.500 m2. La nave edificada ocupa 1.500 m2, el resto son zonas de acceso y patios. Se construy\u00f3 una entreplanta de 1.000 m2. Posibilidad de buena negociaci\u00f3n en el precio.\r\n\r\n \"\n\t\t\t\t\t\t\t\t\t   title=\"NAVE INDUSTRIAL (CARTAGENA)\" data-groupID=\"1-1\"><img\n\t\t\t\t\t\t\t\t\t\t\talt=\"NAVE INDUSTRIAL (CARTAGENA)\"\n\t\t\t\t\t\t\t\t\t\t\tid=\"wd-cl-img0\"\n                                            data-title=\" admin-ajax.php\"\n\t\t\t\t\t\t\t\t\t\t\tsrc=\"https:\/\/i0.wp.com\/martinvel.com\/wp-content\/uploads\/2020\/05\/admin-ajax.php_.jpg?fit=400%2C300&#038;ssl=1\"><\/a>\n\t\t\t\t\t\t\t\t\t\t\t\t\t\t<\/div>\n\t\t\t\t\t<div class=\"thumbs-block\">\n\t\t\t\t\t\t\t\t\t\t\t\t\t<ul class=\"thumbs-list_1\">\n\t\t\t\t\t\t\t\t\t\t\t\t\t\t\t\t\t\t\t<li><a href=\"https:\/\/i0.wp.com\/martinvel.com\/wp-content\/uploads\/2017\/02\/CIMG4285.jpg\" data-description=\" Nave situada en la Ctra. de la Palma, Km. 2,5 en Cartagena. Tiene una buen\u00edsima ubicaci\u00f3n pegada a la Autov\u00eda Murcia-Cartagena y circunvalaci\u00f3n de Cartagena. La parcela tiene un total de 2.500 m2. La nave edificada ocupa 1.500 m2, el resto son zonas de acceso y patios. Se construy\u00f3 una entreplanta de 1.000 m2. Posibilidad de buena negociaci\u00f3n en el precio.\r\n\r\n \"\n\t\t\t\t\t\t\t\t\t\t\t       class=\" portfolio-group1-1 \" data-groupID=\"1-1\"><img alt=\"NAVE INDUSTRIAL (CARTAGENA)\"\n                                                  data-title=\" CIMG4285\"\n\t\t\t\t\t\t\t\t\t\t\t\t\t\tsrc=\"https:\/\/i0.wp.com\/martinvel.com\/wp-content\/uploads\/2017\/02\/CIMG4285.jpg?resize=150%2C150&#038;ssl=1\"><\/a>\n\t\t\t\t\t\t\t\t\t\t\t<\/li>\n\t\t\t\t\t\t\t\t\t\t\t\t\t\t\t\t\t\t\t\t\t\t<li><a href=\"https:\/\/i0.wp.com\/martinvel.com\/wp-content\/uploads\/2017\/02\/CIMG4284.jpg\" data-description=\" Nave situada en la Ctra. de la Palma, Km. 2,5 en Cartagena. Tiene una buen\u00edsima ubicaci\u00f3n pegada a la Autov\u00eda Murcia-Cartagena y circunvalaci\u00f3n de Cartagena. La parcela tiene un total de 2.500 m2. La nave edificada ocupa 1.500 m2, el resto son zonas de acceso y patios. Se construy\u00f3 una entreplanta de 1.000 m2. Posibilidad de buena negociaci\u00f3n en el precio.\r\n\r\n \"\n\t\t\t\t\t\t\t\t\t\t\t       class=\" portfolio-group1-1 \" data-groupID=\"1-1\"><img alt=\"NAVE INDUSTRIAL (CARTAGENA)\"\n                                                  data-title=\" CIMG4284\"\n\t\t\t\t\t\t\t\t\t\t\t\t\t\tsrc=\"https:\/\/i0.wp.com\/martinvel.com\/wp-content\/uploads\/2017\/02\/CIMG4284.jpg?resize=150%2C150&#038;ssl=1\"><\/a>\n\t\t\t\t\t\t\t\t\t\t\t<\/li>\n\t\t\t\t\t\t\t\t\t\t\t\t\t\t\t\t\t\t\t\t\t\t<li><a href=\"https:\/\/i0.wp.com\/martinvel.com\/wp-content\/uploads\/2017\/02\/CIMG4282.jpg\" data-description=\" Nave situada en la Ctra. de la Palma, Km. 2,5 en Cartagena. Tiene una buen\u00edsima ubicaci\u00f3n pegada a la Autov\u00eda Murcia-Cartagena y circunvalaci\u00f3n de Cartagena. La parcela tiene un total de 2.500 m2. La nave edificada ocupa 1.500 m2, el resto son zonas de acceso y patios. Se construy\u00f3 una entreplanta de 1.000 m2. Posibilidad de buena negociaci\u00f3n en el precio.\r\n\r\n \"\n\t\t\t\t\t\t\t\t\t\t\t       class=\" portfolio-group1-1 \" data-groupID=\"1-1\"><img alt=\"NAVE INDUSTRIAL (CARTAGENA)\"\n                                                  data-title=\" CIMG4282\"\n\t\t\t\t\t\t\t\t\t\t\t\t\t\tsrc=\"https:\/\/i0.wp.com\/martinvel.com\/wp-content\/uploads\/2017\/02\/CIMG4282.jpg?resize=150%2C150&#038;ssl=1\"><\/a>\n\t\t\t\t\t\t\t\t\t\t\t<\/li>\n\t\t\t\t\t\t\t\t\t\t\t\t\t\t\t\t\t\t\t\t\t\t<li><a href=\"https:\/\/i0.wp.com\/martinvel.com\/wp-content\/uploads\/2017\/02\/CIMG4281.jpg\" data-description=\" Nave situada en la Ctra. de la Palma, Km. 2,5 en Cartagena. Tiene una buen\u00edsima ubicaci\u00f3n pegada a la Autov\u00eda Murcia-Cartagena y circunvalaci\u00f3n de Cartagena. La parcela tiene un total de 2.500 m2. La nave edificada ocupa 1.500 m2, el resto son zonas de acceso y patios. Se construy\u00f3 una entreplanta de 1.000 m2. Posibilidad de buena negociaci\u00f3n en el precio.\r\n\r\n \"\n\t\t\t\t\t\t\t\t\t\t\t       class=\" portfolio-group1-1 \" data-groupID=\"1-1\"><img alt=\"NAVE INDUSTRIAL (CARTAGENA)\"\n                                                  data-title=\" CIMG4281\"\n\t\t\t\t\t\t\t\t\t\t\t\t\t\tsrc=\"https:\/\/i0.wp.com\/martinvel.com\/wp-content\/uploads\/2017\/02\/CIMG4281.jpg?resize=150%2C150&#038;ssl=1\"><\/a>\n\t\t\t\t\t\t\t\t\t\t\t<\/li>\n\t\t\t\t\t\t\t\t\t\t\t\t\t\t\t\t\t\t\t\t\t\t<li><a href=\"https:\/\/i0.wp.com\/martinvel.com\/wp-content\/uploads\/2017\/02\/CIMG4280.jpg\" data-description=\" Nave situada en la Ctra. de la Palma, Km. 2,5 en Cartagena. Tiene una buen\u00edsima ubicaci\u00f3n pegada a la Autov\u00eda Murcia-Cartagena y circunvalaci\u00f3n de Cartagena. La parcela tiene un total de 2.500 m2. La nave edificada ocupa 1.500 m2, el resto son zonas de acceso y patios. Se construy\u00f3 una entreplanta de 1.000 m2. Posibilidad de buena negociaci\u00f3n en el precio.\r\n\r\n \"\n\t\t\t\t\t\t\t\t\t\t\t       class=\" portfolio-group1-1 \" data-groupID=\"1-1\"><img alt=\"NAVE INDUSTRIAL (CARTAGENA)\"\n                                                  data-title=\" CIMG4280\"\n\t\t\t\t\t\t\t\t\t\t\t\t\t\tsrc=\"https:\/\/i0.wp.com\/martinvel.com\/wp-content\/uploads\/2017\/02\/CIMG4280.jpg?resize=150%2C150&#038;ssl=1\"><\/a>\n\t\t\t\t\t\t\t\t\t\t\t<\/li>\n\t\t\t\t\t\t\t\t\t\t\t\t\t\t\t\t\t\t\t\t\t\t<li><a href=\"https:\/\/i0.wp.com\/martinvel.com\/wp-content\/uploads\/2017\/02\/CIMG4279.jpg\" data-description=\" Nave situada en la Ctra. de la Palma, Km. 2,5 en Cartagena. Tiene una buen\u00edsima ubicaci\u00f3n pegada a la Autov\u00eda Murcia-Cartagena y circunvalaci\u00f3n de Cartagena. La parcela tiene un total de 2.500 m2. La nave edificada ocupa 1.500 m2, el resto son zonas de acceso y patios. Se construy\u00f3 una entreplanta de 1.000 m2. Posibilidad de buena negociaci\u00f3n en el precio.\r\n\r\n \"\n\t\t\t\t\t\t\t\t\t\t\t       class=\" portfolio-group1-1 \" data-groupID=\"1-1\"><img alt=\"NAVE INDUSTRIAL (CARTAGENA)\"\n                                                  data-title=\" CIMG4279\"\n\t\t\t\t\t\t\t\t\t\t\t\t\t\tsrc=\"https:\/\/i0.wp.com\/martinvel.com\/wp-content\/uploads\/2017\/02\/CIMG4279.jpg?resize=150%2C150&#038;ssl=1\"><\/a>\n\t\t\t\t\t\t\t\t\t\t\t<\/li>\n\t\t\t\t\t\t\t\t\t\t\t\t\t\t\t\t\t\t\t\t\t\t<li><a href=\"https:\/\/i0.wp.com\/martinvel.com\/wp-content\/uploads\/2017\/02\/CIMG4285.jpg\" data-description=\" Nave situada en la Ctra. de la Palma, Km. 2,5 en Cartagena. Tiene una buen\u00edsima ubicaci\u00f3n pegada a la Autov\u00eda Murcia-Cartagena y circunvalaci\u00f3n de Cartagena. La parcela tiene un total de 2.500 m2. La nave edificada ocupa 1.500 m2, el resto son zonas de acceso y patios. Se construy\u00f3 una entreplanta de 1.000 m2. Posibilidad de buena negociaci\u00f3n en el precio.\r\n\r\n \"\n\t\t\t\t\t\t\t\t\t\t\t       class=\" portfolio-group1-1 \" data-groupID=\"1-1\"><img alt=\"NAVE INDUSTRIAL (CARTAGENA)\"\n                                                  data-title=\" CIMG4285\"\n\t\t\t\t\t\t\t\t\t\t\t\t\t\tsrc=\"https:\/\/i0.wp.com\/martinvel.com\/wp-content\/uploads\/2017\/02\/CIMG4285.jpg?resize=150%2C150&#038;ssl=1\"><\/a>\n\t\t\t\t\t\t\t\t\t\t\t<\/li>\n\t\t\t\t\t\t\t\t\t\t\t\t\t\t\t\t\t\t<\/ul>\n\t\t\t\t\t\t\t\t\t\t\t\t<\/div>\n\t\t\t\t<\/div>\n\t\t\t\t<div class=\"right-block\">\n\t\t\t\t\t\t\t\t\t\t<div class=\"title-block_1\">\n\t\t\t\t\t\t<h3 class=\"name\" >NAVE INDUSTRIAL (CARTAGENA)<\/h3><\/div>\t\t\t\t\t\t\t\t\t\t\t\t<div class=\"description-block_1\">\n\t\t\t\t\t\t\t\t<p>Nave situada en la Ctra. de la Palma, Km. 2,5 en Cartagena. Tiene una buen\u00edsima ubicaci\u00f3n pegada a la Autov\u00eda Murcia-Cartagena y circunvalaci\u00f3n de Cartagena. La parcela tiene un total de 2.500 m2. La nave edificada ocupa 1.500 m2, el resto son zonas de acceso y patios. Se construy\u00f3 una entreplanta de 1.000 m2. Posibilidad de buena negociaci\u00f3n en el precio.\r\n\r\n <\/p><\/div>\n\t\t\t\t\t\t\t\t\t\t\t\t\t\t\t<\/div>\n\t\t\t<\/div>\n\n\t\t\t\t\t\t<div\n\t\t\t\tclass=\"portelement portelement_1 colorbox_grouping   \" data-symbol=\"NAVE INDUSTRIAL (CARTAGENA)\" data-category=\"alkaline-earth\">\n\t\t\t\t<div class=\"left-block_1\">\n\t\t\t\t\t<div class=\"main-image-block_1 add-H-relative\">\n                        <p style=\"display:none;\" class=\"load_date\">2018-01-24 20:08:22<\/p>\n                        <p style=\"display:none;\" class=\"number\">15<\/p>\n\t\t\t\t\t\t\t\t\t\t\t\t\t\t\t\t\t\t\t\t\t<a href=\"https:\/\/i0.wp.com\/martinvel.com\/wp-content\/uploads\/2021\/09\/CIMG2200.png?ssl=1\"\n\t\t\t\t\t\t\t\t\t   class=\" portfolio-group2-1\"\n                                       data-description=\" Nave situada en el Pol\u00edgono Cabezo Beaza de Cartagena, en la C\/Viena, parc. H32. Es una parcela de 500 m2, de los cuales 380 m2 corresponden a la planta de la nave, un patio de 45 m2 y zona de acceso de 75 m2. Posee una planta alta de oficinas de 45 m2.\r\nPosibilidad de buena negociaci\u00f3n en el precio.\"\n\t\t\t\t\t\t\t\t\t   title=\"NAVE INDUSTRIAL (CARTAGENA)\" data-groupID=\"2-1\"><img\n\t\t\t\t\t\t\t\t\t\t\talt=\"NAVE INDUSTRIAL (CARTAGENA)\"\n\t\t\t\t\t\t\t\t\t\t\tid=\"wd-cl-img1\"\n                                            data-title=\" CIMG2200\"\n\t\t\t\t\t\t\t\t\t\t\tsrc=\"https:\/\/i0.wp.com\/martinvel.com\/wp-content\/uploads\/2021\/09\/CIMG2200.png?fit=800%2C600&#038;ssl=1\"><\/a>\n\t\t\t\t\t\t\t\t\t\t\t\t\t\t<\/div>\n\t\t\t\t\t<div class=\"thumbs-block\">\n\t\t\t\t\t\t\t\t\t\t\t\t\t<ul class=\"thumbs-list_1\">\n\t\t\t\t\t\t\t\t\t\t\t\t\t\t\t\t\t\t\t<li><a href=\"https:\/\/i0.wp.com\/martinvel.com\/wp-content\/uploads\/2017\/02\/20160921_131636.jpg\" data-description=\" Nave situada en el Pol\u00edgono Cabezo Beaza de Cartagena, en la C\/Viena, parc. H32. Es una parcela de 500 m2, de los cuales 380 m2 corresponden a la planta de la nave, un patio de 45 m2 y zona de acceso de 75 m2. Posee una planta alta de oficinas de 45 m2.\r\nPosibilidad de buena negociaci\u00f3n en el precio.\"\n\t\t\t\t\t\t\t\t\t\t\t       class=\" portfolio-group2-1 \" data-groupID=\"2-1\"><img alt=\"NAVE INDUSTRIAL (CARTAGENA)\"\n                                                  data-title=\" _20160921_131636\"\n\t\t\t\t\t\t\t\t\t\t\t\t\t\tsrc=\"https:\/\/i0.wp.com\/martinvel.com\/wp-content\/uploads\/2017\/02\/20160921_131636.jpg?resize=150%2C150&#038;ssl=1\"><\/a>\n\t\t\t\t\t\t\t\t\t\t\t<\/li>\n\t\t\t\t\t\t\t\t\t\t\t\t\t\t\t\t\t\t<\/ul>\n\t\t\t\t\t\t\t\t\t\t\t\t<\/div>\n\t\t\t\t<\/div>\n\t\t\t\t<div class=\"right-block\">\n\t\t\t\t\t\t\t\t\t\t<div class=\"title-block_1\">\n\t\t\t\t\t\t<h3 class=\"name\" >NAVE INDUSTRIAL (CARTAGENA)<\/h3><\/div>\t\t\t\t\t\t\t\t\t\t\t\t<div class=\"description-block_1\">\n\t\t\t\t\t\t\t\t<p>Nave situada en el Pol\u00edgono Cabezo Beaza de Cartagena, en la C\/Viena, parc. H32. Es una parcela de 500 m2, de los cuales 380 m2 corresponden a la planta de la nave, un patio de 45 m2 y zona de acceso de 75 m2. Posee una planta alta de oficinas de 45 m2.\r\nPosibilidad de buena negociaci\u00f3n en el precio.<\/p><\/div>\n\t\t\t\t\t\t\t\t\t\t\t\t\t\t\t<\/div>\n\t\t\t<\/div>\n\n\t\t\t\t\t\t<div\n\t\t\t\tclass=\"portelement portelement_1 colorbox_grouping   \" data-symbol=\"NAVE INDUSTRIAL (CARTAGENA)\" data-category=\"alkaline-earth\">\n\t\t\t\t<div class=\"left-block_1\">\n\t\t\t\t\t<div class=\"main-image-block_1 add-H-relative\">\n                        <p style=\"display:none;\" class=\"load_date\">2018-01-24 20:08:22<\/p>\n                        <p style=\"display:none;\" class=\"number\">14<\/p>\n\t\t\t\t\t\t\t\t\t\t\t\t\t\t\t\t\t\t\t\t\t<a href=\"https:\/\/i0.wp.com\/martinvel.com\/wp-content\/uploads\/2017\/02\/ALQUILADO-J12.jpg\"\n\t\t\t\t\t\t\t\t\t   class=\" portfolio-group3-1\"\n                                       data-description=\" Nave situada en en Pol\u00edgono Industrial Cabezo Beaza de Cartagena, en la C\/Viena, parc. J-12. La parcela ocupa en su totalidad 3.335 m2, de los cuales 1.600 m2 est\u00e1n destinados a la nave y los 1.735 m2 restantes a zona de accesos y patios. Tiene una planta alta de oficinas de unos 47 m2.\r\n\"\n\t\t\t\t\t\t\t\t\t   title=\"NAVE INDUSTRIAL (CARTAGENA)\" data-groupID=\"3-1\"><img\n\t\t\t\t\t\t\t\t\t\t\talt=\"NAVE INDUSTRIAL (CARTAGENA)\"\n\t\t\t\t\t\t\t\t\t\t\tid=\"wd-cl-img2\"\n                                            data-title=\" ALQUILADO J12\"\n\t\t\t\t\t\t\t\t\t\t\tsrc=\"https:\/\/i0.wp.com\/martinvel.com\/wp-content\/uploads\/2017\/02\/ALQUILADO-J12.jpg?fit=800%2C534&#038;ssl=1\"><\/a>\n\t\t\t\t\t\t\t\t\t\t\t\t\t\t<\/div>\n\t\t\t\t\t<div class=\"thumbs-block\">\n\t\t\t\t\t\t\t\t\t\t\t\t\t<ul class=\"thumbs-list_1\">\n\t\t\t\t\t\t\t\t\t\t\t\t\t\t\t\t\t\t\t<li><a href=\"https:\/\/i0.wp.com\/martinvel.com\/wp-content\/uploads\/2017\/02\/IMG_0507.jpg\" data-description=\" Nave situada en en Pol\u00edgono Industrial Cabezo Beaza de Cartagena, en la C\/Viena, parc. J-12. La parcela ocupa en su totalidad 3.335 m2, de los cuales 1.600 m2 est\u00e1n destinados a la nave y los 1.735 m2 restantes a zona de accesos y patios. Tiene una planta alta de oficinas de unos 47 m2.\r\n\"\n\t\t\t\t\t\t\t\t\t\t\t       class=\" portfolio-group3-1 \" data-groupID=\"3-1\"><img alt=\"NAVE INDUSTRIAL (CARTAGENA)\"\n                                                  data-title=\" IMG_0507\"\n\t\t\t\t\t\t\t\t\t\t\t\t\t\tsrc=\"https:\/\/i0.wp.com\/martinvel.com\/wp-content\/uploads\/2017\/02\/IMG_0507.jpg?resize=150%2C150&#038;ssl=1\"><\/a>\n\t\t\t\t\t\t\t\t\t\t\t<\/li>\n\t\t\t\t\t\t\t\t\t\t\t\t\t\t\t\t\t\t\t\t\t\t<li><a href=\"https:\/\/i0.wp.com\/martinvel.com\/wp-content\/uploads\/2017\/02\/IMG_0517.jpg\" data-description=\" Nave situada en en Pol\u00edgono Industrial Cabezo Beaza de Cartagena, en la C\/Viena, parc. J-12. La parcela ocupa en su totalidad 3.335 m2, de los cuales 1.600 m2 est\u00e1n destinados a la nave y los 1.735 m2 restantes a zona de accesos y patios. Tiene una planta alta de oficinas de unos 47 m2.\r\n\"\n\t\t\t\t\t\t\t\t\t\t\t       class=\" portfolio-group3-1 \" data-groupID=\"3-1\"><img alt=\"NAVE INDUSTRIAL (CARTAGENA)\"\n                                                  data-title=\" IMG_0517\"\n\t\t\t\t\t\t\t\t\t\t\t\t\t\tsrc=\"https:\/\/i0.wp.com\/martinvel.com\/wp-content\/uploads\/2017\/02\/IMG_0517.jpg?resize=150%2C150&#038;ssl=1\"><\/a>\n\t\t\t\t\t\t\t\t\t\t\t<\/li>\n\t\t\t\t\t\t\t\t\t\t\t\t\t\t\t\t\t\t\t\t\t\t<li><a href=\"https:\/\/i0.wp.com\/martinvel.com\/wp-content\/uploads\/2017\/02\/IMG_0529.jpg\" data-description=\" Nave situada en en Pol\u00edgono Industrial Cabezo Beaza de Cartagena, en la C\/Viena, parc. J-12. La parcela ocupa en su totalidad 3.335 m2, de los cuales 1.600 m2 est\u00e1n destinados a la nave y los 1.735 m2 restantes a zona de accesos y patios. Tiene una planta alta de oficinas de unos 47 m2.\r\n\"\n\t\t\t\t\t\t\t\t\t\t\t       class=\" portfolio-group3-1 \" data-groupID=\"3-1\"><img alt=\"NAVE INDUSTRIAL (CARTAGENA)\"\n                                                  data-title=\" IMG_0529\"\n\t\t\t\t\t\t\t\t\t\t\t\t\t\tsrc=\"https:\/\/i0.wp.com\/martinvel.com\/wp-content\/uploads\/2017\/02\/IMG_0529.jpg?resize=150%2C150&#038;ssl=1\"><\/a>\n\t\t\t\t\t\t\t\t\t\t\t<\/li>\n\t\t\t\t\t\t\t\t\t\t\t\t\t\t\t\t\t\t\t\t\t\t<li><a href=\"https:\/\/i0.wp.com\/martinvel.com\/wp-content\/uploads\/2017\/02\/IMG_0578.jpg\" data-description=\" Nave situada en en Pol\u00edgono Industrial Cabezo Beaza de Cartagena, en la C\/Viena, parc. J-12. La parcela ocupa en su totalidad 3.335 m2, de los cuales 1.600 m2 est\u00e1n destinados a la nave y los 1.735 m2 restantes a zona de accesos y patios. Tiene una planta alta de oficinas de unos 47 m2.\r\n\"\n\t\t\t\t\t\t\t\t\t\t\t       class=\" portfolio-group3-1 \" data-groupID=\"3-1\"><img alt=\"NAVE INDUSTRIAL (CARTAGENA)\"\n                                                  data-title=\" IMG_0578\"\n\t\t\t\t\t\t\t\t\t\t\t\t\t\tsrc=\"https:\/\/i0.wp.com\/martinvel.com\/wp-content\/uploads\/2017\/02\/IMG_0578.jpg?resize=150%2C150&#038;ssl=1\"><\/a>\n\t\t\t\t\t\t\t\t\t\t\t<\/li>\n\t\t\t\t\t\t\t\t\t\t\t\t\t\t\t\t\t\t<\/ul>\n\t\t\t\t\t\t\t\t\t\t\t\t<\/div>\n\t\t\t\t<\/div>\n\t\t\t\t<div class=\"right-block\">\n\t\t\t\t\t\t\t\t\t\t<div class=\"title-block_1\">\n\t\t\t\t\t\t<h3 class=\"name\" >NAVE INDUSTRIAL (CARTAGENA)<\/h3><\/div>\t\t\t\t\t\t\t\t\t\t\t\t<div class=\"description-block_1\">\n\t\t\t\t\t\t\t\t<p>Nave situada en en Pol\u00edgono Industrial Cabezo Beaza de Cartagena, en la C\/Viena, parc. J-12. La parcela ocupa en su totalidad 3.335 m2, de los cuales 1.600 m2 est\u00e1n destinados a la nave y los 1.735 m2 restantes a zona de accesos y patios. Tiene una planta alta de oficinas de unos 47 m2.\r\n<\/p><\/div>\n\t\t\t\t\t\t\t\t\t\t\t\t\t\t\t<\/div>\n\t\t\t<\/div>\n\n\t\t\t\t\t\t<div\n\t\t\t\tclass=\"portelement portelement_1 colorbox_grouping   \" data-symbol=\"NAVE INDUSTRIAL (CARTAGENA)\" data-category=\"alkaline-earth\">\n\t\t\t\t<div class=\"left-block_1\">\n\t\t\t\t\t<div class=\"main-image-block_1 add-H-relative\">\n                        <p style=\"display:none;\" class=\"load_date\">2018-01-24 20:08:22<\/p>\n                        <p style=\"display:none;\" class=\"number\">13<\/p>\n\t\t\t\t\t\t\t\t\t\t\t\t\t\t\t\t\t\t\t\t\t<a href=\"https:\/\/i0.wp.com\/martinvel.com\/wp-content\/uploads\/2017\/02\/ALQUILADO-R102.jpg\"\n\t\t\t\t\t\t\t\t\t   class=\" portfolio-group4-1\"\n                                       data-description=\" Nave localizada en el Pol\u00edgono Industrial Cabezo Beaza de Cartagena. Situada en la C\/Amsterdam, parc. R-102  posee una parcela total de 4.205 m2, de los cuales 2.185 m2 son la edificaci\u00f3n de la nave, y entre patio y accesos posee 1.315 m2.\r\n\"\n\t\t\t\t\t\t\t\t\t   title=\"NAVE INDUSTRIAL (CARTAGENA)\" data-groupID=\"4-1\"><img\n\t\t\t\t\t\t\t\t\t\t\talt=\"NAVE INDUSTRIAL (CARTAGENA)\"\n\t\t\t\t\t\t\t\t\t\t\tid=\"wd-cl-img3\"\n                                            data-title=\" ALQUILADO R102\"\n\t\t\t\t\t\t\t\t\t\t\tsrc=\"https:\/\/i0.wp.com\/martinvel.com\/wp-content\/uploads\/2017\/02\/ALQUILADO-R102.jpg?fit=800%2C600&#038;ssl=1\"><\/a>\n\t\t\t\t\t\t\t\t\t\t\t\t\t\t<\/div>\n\t\t\t\t\t<div class=\"thumbs-block\">\n\t\t\t\t\t\t\t\t\t\t\t\t\t<ul class=\"thumbs-list_1\">\n\t\t\t\t\t\t\t\t\t\t\t\t\t\t\t\t\t\t\t<li><a href=\"https:\/\/i0.wp.com\/martinvel.com\/wp-content\/uploads\/2017\/02\/CIMG4290.jpg\" data-description=\" Nave localizada en el Pol\u00edgono Industrial Cabezo Beaza de Cartagena. Situada en la C\/Amsterdam, parc. R-102  posee una parcela total de 4.205 m2, de los cuales 2.185 m2 son la edificaci\u00f3n de la nave, y entre patio y accesos posee 1.315 m2.\r\n\"\n\t\t\t\t\t\t\t\t\t\t\t       class=\" portfolio-group4-1 \" data-groupID=\"4-1\"><img alt=\"NAVE INDUSTRIAL (CARTAGENA)\"\n                                                  data-title=\" CIMG4290\"\n\t\t\t\t\t\t\t\t\t\t\t\t\t\tsrc=\"https:\/\/i0.wp.com\/martinvel.com\/wp-content\/uploads\/2017\/02\/CIMG4290.jpg?resize=150%2C150&#038;ssl=1\"><\/a>\n\t\t\t\t\t\t\t\t\t\t\t<\/li>\n\t\t\t\t\t\t\t\t\t\t\t\t\t\t\t\t\t\t\t\t\t\t<li><a href=\"https:\/\/i0.wp.com\/martinvel.com\/wp-content\/uploads\/2017\/02\/CIMG4289.jpg\" data-description=\" Nave localizada en el Pol\u00edgono Industrial Cabezo Beaza de Cartagena. Situada en la C\/Amsterdam, parc. R-102  posee una parcela total de 4.205 m2, de los cuales 2.185 m2 son la edificaci\u00f3n de la nave, y entre patio y accesos posee 1.315 m2.\r\n\"\n\t\t\t\t\t\t\t\t\t\t\t       class=\" portfolio-group4-1 \" data-groupID=\"4-1\"><img alt=\"NAVE INDUSTRIAL (CARTAGENA)\"\n                                                  data-title=\" CIMG4289\"\n\t\t\t\t\t\t\t\t\t\t\t\t\t\tsrc=\"https:\/\/i0.wp.com\/martinvel.com\/wp-content\/uploads\/2017\/02\/CIMG4289.jpg?resize=150%2C150&#038;ssl=1\"><\/a>\n\t\t\t\t\t\t\t\t\t\t\t<\/li>\n\t\t\t\t\t\t\t\t\t\t\t\t\t\t\t\t\t\t\t\t\t\t<li><a href=\"https:\/\/i0.wp.com\/martinvel.com\/wp-content\/uploads\/2017\/02\/CIMG4288.jpg\" data-description=\" Nave localizada en el Pol\u00edgono Industrial Cabezo Beaza de Cartagena. Situada en la C\/Amsterdam, parc. R-102  posee una parcela total de 4.205 m2, de los cuales 2.185 m2 son la edificaci\u00f3n de la nave, y entre patio y accesos posee 1.315 m2.\r\n\"\n\t\t\t\t\t\t\t\t\t\t\t       class=\" portfolio-group4-1 \" data-groupID=\"4-1\"><img alt=\"NAVE INDUSTRIAL (CARTAGENA)\"\n                                                  data-title=\" CIMG4288\"\n\t\t\t\t\t\t\t\t\t\t\t\t\t\tsrc=\"https:\/\/i0.wp.com\/martinvel.com\/wp-content\/uploads\/2017\/02\/CIMG4288.jpg?resize=150%2C150&#038;ssl=1\"><\/a>\n\t\t\t\t\t\t\t\t\t\t\t<\/li>\n\t\t\t\t\t\t\t\t\t\t\t\t\t\t\t\t\t\t\t\t\t\t<li><a href=\"https:\/\/i0.wp.com\/martinvel.com\/wp-content\/uploads\/2017\/02\/CIMG4287.jpg\" data-description=\" Nave localizada en el Pol\u00edgono Industrial Cabezo Beaza de Cartagena. Situada en la C\/Amsterdam, parc. R-102  posee una parcela total de 4.205 m2, de los cuales 2.185 m2 son la edificaci\u00f3n de la nave, y entre patio y accesos posee 1.315 m2.\r\n\"\n\t\t\t\t\t\t\t\t\t\t\t       class=\" portfolio-group4-1 \" data-groupID=\"4-1\"><img alt=\"NAVE INDUSTRIAL (CARTAGENA)\"\n                                                  data-title=\" CIMG4287\"\n\t\t\t\t\t\t\t\t\t\t\t\t\t\tsrc=\"https:\/\/i0.wp.com\/martinvel.com\/wp-content\/uploads\/2017\/02\/CIMG4287.jpg?resize=150%2C150&#038;ssl=1\"><\/a>\n\t\t\t\t\t\t\t\t\t\t\t<\/li>\n\t\t\t\t\t\t\t\t\t\t\t\t\t\t\t\t\t\t\t\t\t\t<li><a href=\"https:\/\/i0.wp.com\/martinvel.com\/wp-content\/uploads\/2017\/02\/CIMG4291.jpg\" data-description=\" Nave localizada en el Pol\u00edgono Industrial Cabezo Beaza de Cartagena. Situada en la C\/Amsterdam, parc. R-102  posee una parcela total de 4.205 m2, de los cuales 2.185 m2 son la edificaci\u00f3n de la nave, y entre patio y accesos posee 1.315 m2.\r\n\"\n\t\t\t\t\t\t\t\t\t\t\t       class=\" portfolio-group4-1 \" data-groupID=\"4-1\"><img alt=\"NAVE INDUSTRIAL (CARTAGENA)\"\n                                                  data-title=\" CIMG4291\"\n\t\t\t\t\t\t\t\t\t\t\t\t\t\tsrc=\"https:\/\/i0.wp.com\/martinvel.com\/wp-content\/uploads\/2017\/02\/CIMG4291.jpg?resize=150%2C150&#038;ssl=1\"><\/a>\n\t\t\t\t\t\t\t\t\t\t\t<\/li>\n\t\t\t\t\t\t\t\t\t\t\t\t\t\t\t\t\t\t<\/ul>\n\t\t\t\t\t\t\t\t\t\t\t\t<\/div>\n\t\t\t\t<\/div>\n\t\t\t\t<div class=\"right-block\">\n\t\t\t\t\t\t\t\t\t\t<div class=\"title-block_1\">\n\t\t\t\t\t\t<h3 class=\"name\" >NAVE INDUSTRIAL (CARTAGENA)<\/h3><\/div>\t\t\t\t\t\t\t\t\t\t\t\t<div class=\"description-block_1\">\n\t\t\t\t\t\t\t\t<p>Nave localizada en el Pol\u00edgono Industrial Cabezo Beaza de Cartagena. Situada en la C\/Amsterdam, parc. R-102  posee una parcela total de 4.205 m2, de los cuales 2.185 m2 son la edificaci\u00f3n de la nave, y entre patio y accesos posee 1.315 m2.\r\n<\/p><\/div>\n\t\t\t\t\t\t\t\t\t\t\t\t\t\t\t<\/div>\n\t\t\t<\/div>\n\n\t\t\t\t\t\t<div\n\t\t\t\tclass=\"portelement portelement_1 colorbox_grouping   \" data-symbol=\"NAVE INDUSTRIAL (CARTAGENA)\" data-category=\"alkaline-earth\">\n\t\t\t\t<div class=\"left-block_1\">\n\t\t\t\t\t<div class=\"main-image-block_1 add-H-relative\">\n                        <p style=\"display:none;\" class=\"load_date\">2018-01-24 20:08:22<\/p>\n                        <p style=\"display:none;\" class=\"number\">12<\/p>\n\t\t\t\t\t\t\t\t\t\t\t\t\t\t\t\t\t\t\t\t\t<a href=\"https:\/\/i0.wp.com\/martinvel.com\/wp-content\/uploads\/2017\/02\/ALQUILADO-R100.jpg\"\n\t\t\t\t\t\t\t\t\t   class=\" portfolio-group5-1\"\n                                       data-description=\" Nave situada en el Pol\u00edgono Industrial Cabezo Beaza, Avda. Bruselas, esq. con la C\/Amsterdam, parc. R-100.\r\nCon un total de parcela de 5.790 m2, en la cual la nave ocupa 2.450 m2., zona de accesos de 390 m2 y patio 2.700 m2. Posee una planta alta de 250 m2 destinada a oficinas.\r\n\"\n\t\t\t\t\t\t\t\t\t   title=\"NAVE INDUSTRIAL (CARTAGENA)\" data-groupID=\"5-1\"><img\n\t\t\t\t\t\t\t\t\t\t\talt=\"NAVE INDUSTRIAL (CARTAGENA)\"\n\t\t\t\t\t\t\t\t\t\t\tid=\"wd-cl-img4\"\n                                            data-title=\" ALQUILADO R100\"\n\t\t\t\t\t\t\t\t\t\t\tsrc=\"https:\/\/i0.wp.com\/martinvel.com\/wp-content\/uploads\/2017\/02\/ALQUILADO-R100.jpg?fit=800%2C600&#038;ssl=1\"><\/a>\n\t\t\t\t\t\t\t\t\t\t\t\t\t\t<\/div>\n\t\t\t\t\t<div class=\"thumbs-block\">\n\t\t\t\t\t\t\t\t\t\t\t\t\t<ul class=\"thumbs-list_1\">\n\t\t\t\t\t\t\t\t\t\t\t\t\t\t\t\t\t\t\t<li><a href=\"https:\/\/i0.wp.com\/martinvel.com\/wp-content\/uploads\/2017\/02\/CIMG2202.jpg\" data-description=\" Nave situada en el Pol\u00edgono Industrial Cabezo Beaza, Avda. Bruselas, esq. con la C\/Amsterdam, parc. R-100.\r\nCon un total de parcela de 5.790 m2, en la cual la nave ocupa 2.450 m2., zona de accesos de 390 m2 y patio 2.700 m2. Posee una planta alta de 250 m2 destinada a oficinas.\r\n\"\n\t\t\t\t\t\t\t\t\t\t\t       class=\" portfolio-group5-1 \" data-groupID=\"5-1\"><img alt=\"NAVE INDUSTRIAL (CARTAGENA)\"\n                                                  data-title=\" CIMG2202\"\n\t\t\t\t\t\t\t\t\t\t\t\t\t\tsrc=\"https:\/\/i0.wp.com\/martinvel.com\/wp-content\/uploads\/2017\/02\/CIMG2202.jpg?resize=150%2C150&#038;ssl=1\"><\/a>\n\t\t\t\t\t\t\t\t\t\t\t<\/li>\n\t\t\t\t\t\t\t\t\t\t\t\t\t\t\t\t\t\t\t\t\t\t<li><a href=\"https:\/\/i0.wp.com\/martinvel.com\/wp-content\/uploads\/2017\/02\/CIMG2203.jpg\" data-description=\" Nave situada en el Pol\u00edgono Industrial Cabezo Beaza, Avda. Bruselas, esq. con la C\/Amsterdam, parc. R-100.\r\nCon un total de parcela de 5.790 m2, en la cual la nave ocupa 2.450 m2., zona de accesos de 390 m2 y patio 2.700 m2. Posee una planta alta de 250 m2 destinada a oficinas.\r\n\"\n\t\t\t\t\t\t\t\t\t\t\t       class=\" portfolio-group5-1 \" data-groupID=\"5-1\"><img alt=\"NAVE INDUSTRIAL (CARTAGENA)\"\n                                                  data-title=\" CIMG2203\"\n\t\t\t\t\t\t\t\t\t\t\t\t\t\tsrc=\"https:\/\/i0.wp.com\/martinvel.com\/wp-content\/uploads\/2017\/02\/CIMG2203.jpg?resize=150%2C150&#038;ssl=1\"><\/a>\n\t\t\t\t\t\t\t\t\t\t\t<\/li>\n\t\t\t\t\t\t\t\t\t\t\t\t\t\t\t\t\t\t\t\t\t\t<li><a href=\"https:\/\/i0.wp.com\/martinvel.com\/wp-content\/uploads\/2017\/02\/CIMG2204.jpg\" data-description=\" Nave situada en el Pol\u00edgono Industrial Cabezo Beaza, Avda. Bruselas, esq. con la C\/Amsterdam, parc. R-100.\r\nCon un total de parcela de 5.790 m2, en la cual la nave ocupa 2.450 m2., zona de accesos de 390 m2 y patio 2.700 m2. Posee una planta alta de 250 m2 destinada a oficinas.\r\n\"\n\t\t\t\t\t\t\t\t\t\t\t       class=\" portfolio-group5-1 \" data-groupID=\"5-1\"><img alt=\"NAVE INDUSTRIAL (CARTAGENA)\"\n                                                  data-title=\" CIMG2204\"\n\t\t\t\t\t\t\t\t\t\t\t\t\t\tsrc=\"https:\/\/i0.wp.com\/martinvel.com\/wp-content\/uploads\/2017\/02\/CIMG2204.jpg?resize=150%2C150&#038;ssl=1\"><\/a>\n\t\t\t\t\t\t\t\t\t\t\t<\/li>\n\t\t\t\t\t\t\t\t\t\t\t\t\t\t\t\t\t\t\t\t\t\t<li><a href=\"https:\/\/i0.wp.com\/martinvel.com\/wp-content\/uploads\/2017\/02\/CIMG2205.jpg\" data-description=\" Nave situada en el Pol\u00edgono Industrial Cabezo Beaza, Avda. Bruselas, esq. con la C\/Amsterdam, parc. R-100.\r\nCon un total de parcela de 5.790 m2, en la cual la nave ocupa 2.450 m2., zona de accesos de 390 m2 y patio 2.700 m2. Posee una planta alta de 250 m2 destinada a oficinas.\r\n\"\n\t\t\t\t\t\t\t\t\t\t\t       class=\" portfolio-group5-1 \" data-groupID=\"5-1\"><img alt=\"NAVE INDUSTRIAL (CARTAGENA)\"\n                                                  data-title=\" CIMG2205\"\n\t\t\t\t\t\t\t\t\t\t\t\t\t\tsrc=\"https:\/\/i0.wp.com\/martinvel.com\/wp-content\/uploads\/2017\/02\/CIMG2205.jpg?resize=150%2C150&#038;ssl=1\"><\/a>\n\t\t\t\t\t\t\t\t\t\t\t<\/li>\n\t\t\t\t\t\t\t\t\t\t\t\t\t\t\t\t\t\t\t\t\t\t<li><a href=\"https:\/\/i0.wp.com\/martinvel.com\/wp-content\/uploads\/2017\/02\/CIMG2206.jpg\" data-description=\" Nave situada en el Pol\u00edgono Industrial Cabezo Beaza, Avda. Bruselas, esq. con la C\/Amsterdam, parc. R-100.\r\nCon un total de parcela de 5.790 m2, en la cual la nave ocupa 2.450 m2., zona de accesos de 390 m2 y patio 2.700 m2. Posee una planta alta de 250 m2 destinada a oficinas.\r\n\"\n\t\t\t\t\t\t\t\t\t\t\t       class=\" portfolio-group5-1 \" data-groupID=\"5-1\"><img alt=\"NAVE INDUSTRIAL (CARTAGENA)\"\n                                                  data-title=\" CIMG2206\"\n\t\t\t\t\t\t\t\t\t\t\t\t\t\tsrc=\"https:\/\/i0.wp.com\/martinvel.com\/wp-content\/uploads\/2017\/02\/CIMG2206.jpg?resize=150%2C150&#038;ssl=1\"><\/a>\n\t\t\t\t\t\t\t\t\t\t\t<\/li>\n\t\t\t\t\t\t\t\t\t\t\t\t\t\t\t\t\t\t\t\t\t\t<li><a href=\"https:\/\/i0.wp.com\/martinvel.com\/wp-content\/uploads\/2017\/02\/CIMG2207.jpg\" data-description=\" Nave situada en el Pol\u00edgono Industrial Cabezo Beaza, Avda. Bruselas, esq. con la C\/Amsterdam, parc. R-100.\r\nCon un total de parcela de 5.790 m2, en la cual la nave ocupa 2.450 m2., zona de accesos de 390 m2 y patio 2.700 m2. Posee una planta alta de 250 m2 destinada a oficinas.\r\n\"\n\t\t\t\t\t\t\t\t\t\t\t       class=\" portfolio-group5-1 \" data-groupID=\"5-1\"><img alt=\"NAVE INDUSTRIAL (CARTAGENA)\"\n                                                  data-title=\" CIMG2207\"\n\t\t\t\t\t\t\t\t\t\t\t\t\t\tsrc=\"https:\/\/i0.wp.com\/martinvel.com\/wp-content\/uploads\/2017\/02\/CIMG2207.jpg?resize=150%2C150&#038;ssl=1\"><\/a>\n\t\t\t\t\t\t\t\t\t\t\t<\/li>\n\t\t\t\t\t\t\t\t\t\t\t\t\t\t\t\t\t\t\t\t\t\t<li><a href=\"https:\/\/i0.wp.com\/martinvel.com\/wp-content\/uploads\/2017\/02\/CIMG2208.jpg\" data-description=\" Nave situada en el Pol\u00edgono Industrial Cabezo Beaza, Avda. Bruselas, esq. con la C\/Amsterdam, parc. R-100.\r\nCon un total de parcela de 5.790 m2, en la cual la nave ocupa 2.450 m2., zona de accesos de 390 m2 y patio 2.700 m2. Posee una planta alta de 250 m2 destinada a oficinas.\r\n\"\n\t\t\t\t\t\t\t\t\t\t\t       class=\" portfolio-group5-1 \" data-groupID=\"5-1\"><img alt=\"NAVE INDUSTRIAL (CARTAGENA)\"\n                                                  data-title=\" CIMG2208\"\n\t\t\t\t\t\t\t\t\t\t\t\t\t\tsrc=\"https:\/\/i0.wp.com\/martinvel.com\/wp-content\/uploads\/2017\/02\/CIMG2208.jpg?resize=150%2C150&#038;ssl=1\"><\/a>\n\t\t\t\t\t\t\t\t\t\t\t<\/li>\n\t\t\t\t\t\t\t\t\t\t\t\t\t\t\t\t\t\t<\/ul>\n\t\t\t\t\t\t\t\t\t\t\t\t<\/div>\n\t\t\t\t<\/div>\n\t\t\t\t<div class=\"right-block\">\n\t\t\t\t\t\t\t\t\t\t<div class=\"title-block_1\">\n\t\t\t\t\t\t<h3 class=\"name\" >NAVE INDUSTRIAL (CARTAGENA)<\/h3><\/div>\t\t\t\t\t\t\t\t\t\t\t\t<div class=\"description-block_1\">\n\t\t\t\t\t\t\t\t<p>Nave situada en el Pol\u00edgono Industrial Cabezo Beaza, Avda. Bruselas, esq. con la C\/Amsterdam, parc. R-100.\r\nCon un total de parcela de 5.790 m2, en la cual la nave ocupa 2.450 m2., zona de accesos de 390 m2 y patio 2.700 m2. Posee una planta alta de 250 m2 destinada a oficinas.\r\n<\/p><\/div>\n\t\t\t\t\t\t\t\t\t\t\t\t\t\t\t<\/div>\n\t\t\t<\/div>\n\n\t\t\t\n\t<\/div>\n<\/section><style>\n.portelement_1 .play-icon.youtube-icon  {\n    background: url(https:\/\/martinvel.com\/wp-content\/plugins\/portfolio-gallery\/assets\/images\/admin_images\/play.youtube.png) center center no-repeat;\n    background-size: 30% 30%;\n}\n.portelement_1 .play-icon.vimeo-icon  {\n    background: url(https:\/\/martinvel.com\/wp-content\/plugins\/portfolio-gallery\/assets\/images\/admin_images\/play.vimeo.png) center center no-repeat;\n    background-size: 30% 30%;\n}\n.portelement_1 .play-icon {\n    position: absolute;\n    top: 0px;\n    left: 0px;\n    width: 100%;\n    height: 100%;\n}\n.add-H-relative {\n    position: relative;\n}\n.add-H-block {\n    display: block;\n    border: none !important;\n    box-shadow: none;\n\n}\n\/***<\/add>***\/\n.portelement_1 {\n    position: relative;\n    width: calc(96% - 2px);\n    margin:5px 0px 5px 0px;\n    padding:2%;\n    clear:both;\n    overflow: hidden;\n    border:1px solid #dedede;\n    background:#f9f9f9;\n}\n\n.portelement_1 div.left-block_1 {\n    padding-right: 10px;\n    display: inline-block;\n    float: left;\n}\n\n.portelement_1 div.left-block_1 .main-image-block_1 {\n    clear:both;\n    width:240px;\n}\n\n.portelement_1 div.left-block_1 .main-image-block_1 img {\n    margin:0px !important;\n    padding:0px !important;\n    width:240px !important;\n    height:auto;\n}\n\n.portelement_1 div.left-block_1 .thumbs-block {\n    position:relative;\n    margin-top:10px;\n    display: inline-block;\n}\n\n.portelement_1 div.left-block_1 .thumbs-block .thumbs-list_1{\n    padding: 0 !important;\n}\n\n.portelement_1 div.left-block_1 .thumbs-block ul {\n    width:240px;\n    height:auto;\n    display:table;\n    margin:0px;\n    padding:0px;\n    list-style:none;\n}\n\n.portelement_1 div.left-block_1 .thumbs-block ul li {\n    margin:2px 3px 0px 2px;\n    padding:0px;\n    width:75px;\n    height:75px;\n    float:left;\n}\n\n.portelement_1 div.left-block_1 .thumbs-block ul li a {\n    display:block;\n    width:75px;\n    height:75px;\n    border: none;\n    box-shadow: none;\n}\n\n.portelement_1 div.left-block_1 .thumbs-block ul li a img {\n    margin:0px !important;\n    padding:0px !important;\n    width:75px;\n    height:75px;\n}\n\n.portelement_1 div.right-block {\n    vertical-align:top;\n    float: right;\n    display: inline-block;\n    width: calc(96% - 240px);\n}\n\n.portelement_1 div.right-block > div {\n    width:100%;\n    padding-bottom:10px;\n    margin-top:10px;\n    background:url('https:\/\/martinvel.com\/wp-content\/plugins\/portfolio-gallery\/assets\/images\/admin_images\/divider.line.png') center bottom repeat-x;\n}\n\n.portelement_1 div.right-block > div:last-child {\n    background:none;\n}\n\n.portelement_1 div.right-block .title-block_1  {\n    margin-top:3px;\n}\n\n.portelement_1 div.right-block .title-block_1 h3 {\n    margin:0px;\n    padding:0px;\n    font-weight:normal;\n    font-size:18px !important;\n    line-height:22px !important;\n    color:#0074a2;\n}\n\n.portelement_1 div.right-block .description-block_1 p,.portelement_1 div.right-block .description-block_1  {\n    margin:0px;\n    padding:0px;\n    font-size:14px;\n    color:#555555;\n    text-align: justify;\n}\n\n\n.portelement_1 div.right-block .description-block_1 h1,\n.portelement_1 div.right-block .description-block_1 h2,\n.portelement_1 div.right-block .description-block_1 h3,\n.portelement_1 div.right-block .description-block_1 h4,\n.portelement_1 div.right-block .description-block_1 h5,\n.portelement_1 div.right-block .description-block_1 h6,\n.portelement_1 div.right-block .description-block_1 p,\n.portelement_1 div.right-block .description-block_1 strong,\n.portelement_1 div.right-block .description-block_1 span {\n    padding:2px !important;\n    margin:0px !important;\n}\n\n.portelement_1 div.right-block .description-block_1 ul,\n.portelement_1 div.right-block .description-block_1 li {\n    padding:2px 0px 2px 5px;\n    margin:0px 0px 0px 8px;\n}\n\n.portelement_1 .button-block {\n    position:relative;\n}\n\n.portelement_1 div.right-block .button-block a,.portelement_1 div.right-block .button-block a:link,.portelement_1 div.right-block .button-block a:visited {\n    position:relative;\n    display:inline-block;\n    padding:6px 12px;\n    background:#2ea2cd;\n    color:#ffffff;\n    font-size:14px;\n    text-decoration:none;\n    border:none;\n}\n\n.portelement_1 div.right-block .button-block a:hover,.pupup-elemen.element div.right-block .button-block a:focus,.portelement_1 div.right-block .button-block a:active {\n    background:#0074a2;\n    color:#ffffff;\n    border:none;\n}\n\n#huge_it_portfolio_content_1 #huge_it_portfolio_options_1 {\n    position: relative;\n    overflow: hidden;\nfloat:;margin-top:5px;max-width:180px;width:20%;display:inline-block;margin-left:1%;\nopacity: 0;    margin-bottom: 10px;\n}\n\n#huge_it_portfolio_content_1 #huge_it_portfolio_options_1 ul {\n    margin: 0px !important;\n    padding: 0px !important;\n    list-style: none;\n}\n\n#huge_it_portfolio_content_1 #huge_it_portfolio_filters_1 ul {\n    margin: 0px !important;\n    padding: 0px !important;\n    overflow: hidden;\n    width: 100%;\n}\n\n\n#huge_it_portfolio_content_1 #huge_it_portfolio_options_1 ul li {\n    border-radius: 0px;\n    list-style-type: none;\n    margin: 0px !important;\n    padding: 0;\nborder: 1px solid #ccc;}\n\n#huge_it_portfolio_content_1 #huge_it_portfolio_options_1 ul li a {\n    background-color: #F7F7F7 !important;\n    border-radius: 0px;\n    font-size:14px !important;\n    color:#555555 !important;\n    text-decoration: none;\n    cursor: pointer;\n    margin: 0px !important;\n    display: block;\n    padding:3px;\n}\n\n\/*#huge_it_portfolio_content_1 #huge_it_portfolio_options_1 ul li:hover {\n\n}*\/\n\n#huge_it_portfolio_content_1 #huge_it_portfolio_options_1 ul li a:hover {\n    background-color: #FF3845 !important;\n    color:#ffffff !important;\n    cursor: pointer;\n}\n\n#huge_it_portfolio_content_1 #huge_it_portfolio_filters_1 {\n    position: relative;\n    overflow: hidden;\nfloat:;margin-top:5px;max-width:180px;width:20%;display:inline-block;margin-left:1%;\nopacity: 0;}\n\n#huge_it_portfolio_content_1 #huge_it_portfolio_filters_1 ul li {\n    border-radius: 0px;\n    list-style-type: none;\nborder: 1px solid #ccc;}\n\n#huge_it_portfolio_content_1 #huge_it_portfolio_filters_1 ul li a {\n    font-size:14px !important;\n    color:#555555 !important;\n    background-color: #F7F7F7 !important;\n    border-radius: 0px;\n    padding:3px;\n    display: block;\n    text-decoration: none;\n}\n\n#huge_it_portfolio_content_1 #huge_it_portfolio_filters_1  ul li a:hover {\n    color:#ffffff !important;\n    background-color: #FF3845 !important;\n    cursor: pointer;\n}\n#huge_it_portfolio_content_1 #huge_it_portfolio_filters_1 ul li.active a,\n#huge_it_portfolio_content_1 #huge_it_portfolio_filters_1 ul li.active a:link,\n#huge_it_portfolio_content_1 #huge_it_portfolio_filters_1 ul li.active a:visited,\n#huge_it_portfolio_content_1 #huge_it_portfolio_filters_1  ul li.active a:hover,\n#huge_it_portfolio_content_1 #huge_it_portfolio_filters_1  ul li.active a:focus,\n#huge_it_portfolio_content_1 #huge_it_portfolio_filters_1  ul li.active a:active {\n    color:#ffffff !important;\n    background-color: #FF3845 !important;\n    cursor: pointer;\n}\n#huge_it_portfolio_content_1 section {\n    position:relative;\n    display:block;\n}\n\n#huge_it_portfolio_content_1 #huge_it_portfolio_container_1 {\n\n    width: 79%;\nwidth:100%;opacity: 0;\n}\n@media screen and (max-width: 768px) {\n\n    #huge_it_portfolio_content_1 #huge_it_portfolio_filters_1 ul li a,\n    #huge_it_portfolio_content_1 #huge_it_portfolio_filters_1 ul li a:link,\n    #huge_it_portfolio_content_1 #huge_it_portfolio_filters_1 ul li a:visited {\n        font-size: 2vw !important;\n    }\n    #huge_it_portfolio_content_1 #huge_it_portfolio_options_1 ul li a {\n        font-size:2vw !important;\n    }\n\n}\n\n@media screen and (max-width: 600px) {\n    .portelement_1 div.left-block_1 {\n        width: 100%;\n    }\n    .portelement_1 div.left-block_1 .main-image-block_1{\n        float: left;\n    }\n    .portelement_1 div.left-block_1 .thumbs-block{\n        width: calc(100% - 250px);\n        margin-left: 10px;\n    }\n    .portelement_1 div.left-block_1 .thumbs-block ul{\n        width: auto;\n    }\n    .portelement_1 div.right-block {\n        width: 100%;\n    }\n    .portelement_1 div.right-block .title-block_1 h3 {\n        text-align: center;\n    }\n}\n\n@media screen and (max-width: 480px) {\n\n    #huge_it_portfolio_content_1 #huge_it_portfolio_filters_1 ul li a,\n    #huge_it_portfolio_content_1 #huge_it_portfolio_filters_1 ul li a:link,\n    #huge_it_portfolio_content_1 #huge_it_portfolio_filters_1 ul li a:visited {\n        font-size: 3vw !important;\n    }\n    #huge_it_portfolio_content_1 #huge_it_portfolio_options_1 ul li a {\n        line-height: 3vw;\n        font-size:3vw !important;\n    }\n    .portelement_1 div.left-block_1 .thumbs-block{\n        width: auto;\n    }\n    .portelement_1 div.left-block_1 .main-image-block_1  {\n        left: 50%;\n        transform: translateX(-50%);\n        position: relative;\n    }\n    .portelement_1 div.left-block_1 .thumbs-block ul{\n        left: 50%;\n        transform: translateX(-50%);\n        position: relative;\n    }\n    .portelement_1 div.left-block_1 .thumbs-block{\n        width: 100%;\n        margin-left: 0;\n    }\n}\n@media screen and (max-width: 420px) {\n\n    #huge_it_portfolio_content_1 #huge_it_portfolio_filters_1 ul li a,\n    #huge_it_portfolio_content_1 #huge_it_portfolio_filters_1 ul li a:link,\n    #huge_it_portfolio_content_1 #huge_it_portfolio_filters_1 ul li a:visited {\n        font-size: 4vw !important;\n    }\n    #huge_it_portfolio_content_1 #huge_it_portfolio_options_1 ul li a {\n        font-size:4vw !important;\n    }\n}\n\n@media screen and (max-width: 765px) {\n    #huge_it_portfolio_content_1 .right-block {\n        float: left !important;\n        width: 100% !important;\n\n    }\n}\n#huge-it-container-loading-overlay_1 {\n    width: 100%;\n    height: 100%;\n    position: absolute;\n    z-index: 1;\n    background:  url(https:\/\/martinvel.com\/wp-content\/plugins\/portfolio-gallery\/assets\/images\/loading\/loading-3.svg) center top ;\n    background-repeat: no-repeat;\n    background-size: 60px auto;\n}\n#huge_it_portfolio_options_and_filters_1{\n    position: relative;\n    float: left;\n    width: 20%;\n    max-width: 180px;\n    float:;\nmargin-left:1%;}\n<\/style>\n","protected":false},"excerpt":{"rendered":"<p>Actualmente disponemos de las siguientes naves industriales:<\/p>\n","protected":false},"author":3,"featured_media":0,"parent":0,"menu_order":0,"comment_status":"closed","ping_status":"closed","template":"","meta":{"jetpack_post_was_ever_published":false,"footnotes":""},"class_list":["post-2","page","type-page","status-publish","hentry"],"jetpack_sharing_enabled":true,"jetpack_shortlink":"https:\/\/wp.me\/P8koMB-2","jetpack-related-posts":[],"_links":{"self":[{"href":"https:\/\/martinvel.com\/index.php\/wp-json\/wp\/v2\/pages\/2"}],"collection":[{"href":"https:\/\/martinvel.com\/index.php\/wp-json\/wp\/v2\/pages"}],"about":[{"href":"https:\/\/martinvel.com\/index.php\/wp-json\/wp\/v2\/types\/page"}],"author":[{"embeddable":true,"href":"https:\/\/martinvel.com\/index.php\/wp-json\/wp\/v2\/users\/3"}],"replies":[{"embeddable":true,"href":"https:\/\/martinvel.com\/index.php\/wp-json\/wp\/v2\/comments?post=2"}],"version-history":[{"count":0,"href":"https:\/\/martinvel.com\/index.php\/wp-json\/wp\/v2\/pages\/2\/revisions"}],"wp:attachment":[{"href":"https:\/\/martinvel.com\/index.php\/wp-json\/wp\/v2\/media?parent=2"}],"curies":[{"name":"wp","href":"https:\/\/api.w.org\/{rel}","templated":true}]}}